{"id":2141,"date":"2020-10-20T01:30:42","date_gmt":"2020-10-19T23:30:42","guid":{"rendered":"https:\/\/westfach.de\/?page_id=2141"},"modified":"2021-06-23T00:32:52","modified_gmt":"2021-06-22T22:32:52","slug":"christian-beutler","status":"publish","type":"page","link":"https:\/\/westfach.de\/en\/christian-beutler\/","title":{"rendered":"Christian Beutler"},"content":{"rendered":"<p><a href=\"https:\/\/westfach.de\/wp-content\/uploads\/2020\/10\/31.jpg\"><img loading=\"lazy\" decoding=\"async\" class=\"alignnone wp-image-2143\" src=\"https:\/\/westfach.de\/wp-content\/uploads\/2020\/10\/31-300x200.jpg\" alt=\"\" width=\"356\" height=\"237\" srcset=\"https:\/\/westfach.de\/wp-content\/uploads\/2020\/10\/31-300x200.jpg 300w, https:\/\/westfach.de\/wp-content\/uploads\/2020\/10\/31-1024x683.jpg 1024w, https:\/\/westfach.de\/wp-content\/uploads\/2020\/10\/31-768x512.jpg 768w, https:\/\/westfach.de\/wp-content\/uploads\/2020\/10\/31-1536x1024.jpg 1536w, https:\/\/westfach.de\/wp-content\/uploads\/2020\/10\/31.jpg 1600w\" sizes=\"auto, (max-width: 356px) 100vw, 356px\" \/><\/a><\/p>\n<p>Der Leipziger Bildhauer Christian Beutler verlie\u00df Th\u00fcringen, seine Lehrheimat, nur aus zwei Gr\u00fcnden. Der Kunst wegen und der Kunst zum Trotz. In seinem Leipziger Atelier fertigt er zeitlose Skulpturen und Reliefs, ohne dem Zeitgeist auf die Nerven zu gehen.<\/p>\n<p><!--more--><\/p>\n<p><a href=\"https:\/\/westfach.de\/wp-content\/uploads\/2020\/10\/20b.jpg\"><img loading=\"lazy\" decoding=\"async\" class=\"alignnone wp-image-2145\" src=\"https:\/\/westfach.de\/wp-content\/uploads\/2020\/10\/20b-200x300.jpg\" alt=\"\" width=\"321\" height=\"482\" srcset=\"https:\/\/westfach.de\/wp-content\/uploads\/2020\/10\/20b-200x300.jpg 200w, https:\/\/westfach.de\/wp-content\/uploads\/2020\/10\/20b-683x1024.jpg 683w, https:\/\/westfach.de\/wp-content\/uploads\/2020\/10\/20b-768x1152.jpg 768w, https:\/\/westfach.de\/wp-content\/uploads\/2020\/10\/20b.jpg 800w\" sizes=\"auto, (max-width: 321px) 100vw, 321px\" \/><\/a><\/p>\n<p>&#8220;Adam und Eva.&#8221; 2017. Christian Beutler spielt mit den Metaphern der Geschichte. Seine Sicht der Dinge beeinflusst sein Schaffen. Dieses Original findet zwischen seinen Fingern eine Renaissance. Hier im Original abgebildet.<\/p>\n<p><a href=\"https:\/\/westfach.de\/wp-content\/uploads\/2020\/10\/25.jpg\"><img loading=\"lazy\" decoding=\"async\" class=\"alignnone wp-image-2146\" src=\"https:\/\/westfach.de\/wp-content\/uploads\/2020\/10\/25-200x300.jpg\" alt=\"\" width=\"283\" height=\"425\" srcset=\"https:\/\/westfach.de\/wp-content\/uploads\/2020\/10\/25-200x300.jpg 200w, https:\/\/westfach.de\/wp-content\/uploads\/2020\/10\/25-683x1024.jpg 683w, https:\/\/westfach.de\/wp-content\/uploads\/2020\/10\/25-768x1152.jpg 768w, https:\/\/westfach.de\/wp-content\/uploads\/2020\/10\/25.jpg 800w\" sizes=\"auto, (max-width: 283px) 100vw, 283px\" \/><\/a><\/p>\n<p>Verspielt, vertrackt, gekonnt. &#8220;Die Schlange bei\u00dft sich selbst den Schwanz.&#8221; 2016.<\/p>\n<p><a href=\"https:\/\/westfach.de\/wp-content\/uploads\/2020\/10\/2.jpg\"><img loading=\"lazy\" decoding=\"async\" class=\"alignnone wp-image-2148\" src=\"https:\/\/westfach.de\/wp-content\/uploads\/2020\/10\/2-200x300.jpg\" alt=\"\" width=\"243\" height=\"365\" srcset=\"https:\/\/westfach.de\/wp-content\/uploads\/2020\/10\/2-200x300.jpg 200w, https:\/\/westfach.de\/wp-content\/uploads\/2020\/10\/2-683x1024.jpg 683w, https:\/\/westfach.de\/wp-content\/uploads\/2020\/10\/2-768x1152.jpg 768w, https:\/\/westfach.de\/wp-content\/uploads\/2020\/10\/2.jpg 800w\" sizes=\"auto, (max-width: 243px) 100vw, 243px\" \/><\/a><\/p>\n<p>Momentan zu sehen; &#8220;Ein Herz f\u00fcr die Welt&#8221; 2018.<\/p>\n<p><a href=\"https:\/\/westfach.de\/wp-content\/uploads\/2020\/10\/17.jpg\"><img loading=\"lazy\" decoding=\"async\" class=\"alignnone wp-image-2149\" src=\"https:\/\/westfach.de\/wp-content\/uploads\/2020\/10\/17-200x300.jpg\" alt=\"\" width=\"239\" height=\"359\" srcset=\"https:\/\/westfach.de\/wp-content\/uploads\/2020\/10\/17-200x300.jpg 200w, https:\/\/westfach.de\/wp-content\/uploads\/2020\/10\/17-683x1024.jpg 683w, https:\/\/westfach.de\/wp-content\/uploads\/2020\/10\/17-768x1152.jpg 768w, https:\/\/westfach.de\/wp-content\/uploads\/2020\/10\/17.jpg 800w\" sizes=\"auto, (max-width: 239px) 100vw, 239px\" \/><\/a><\/p>\n<p>&#8220;Solo. Der Tanz.&#8221; Mit diesem Relief, einer Studie aus vergangener Zeit verbeugt sich der Solo &#8211; K\u00fcnstler vor seinem Publikum. 20.?<\/p>\n<p><a href=\"https:\/\/westfach.de\/wp-content\/uploads\/2020\/10\/11c_out2.jpg\"><img loading=\"lazy\" decoding=\"async\" class=\"alignnone wp-image-2144\" src=\"https:\/\/westfach.de\/wp-content\/uploads\/2020\/10\/11c_out2-200x300.jpg\" alt=\"\" width=\"223\" height=\"335\" srcset=\"https:\/\/westfach.de\/wp-content\/uploads\/2020\/10\/11c_out2-200x300.jpg 200w, https:\/\/westfach.de\/wp-content\/uploads\/2020\/10\/11c_out2-683x1024.jpg 683w, https:\/\/westfach.de\/wp-content\/uploads\/2020\/10\/11c_out2-768x1152.jpg 768w, https:\/\/westfach.de\/wp-content\/uploads\/2020\/10\/11c_out2.jpg 800w\" sizes=\"auto, (max-width: 223px) 100vw, 223px\" \/><\/a><\/p>\n<p>Bereits ver\u00e4u\u00dferte Studie zum Thema: &#8220;Leuchtfische&#8221; 2017. Irgendwo in Berlin wird diese Skulptur der Nachwelt hinterlassen.<\/p>\n<p><a href=\"https:\/\/westfach.de\/wp-content\/uploads\/2020\/10\/9.jpg\"><img loading=\"lazy\" decoding=\"async\" class=\"alignnone wp-image-2150\" src=\"https:\/\/westfach.de\/wp-content\/uploads\/2020\/10\/9-200x300.jpg\" alt=\"\" width=\"217\" height=\"326\" srcset=\"https:\/\/westfach.de\/wp-content\/uploads\/2020\/10\/9-200x300.jpg 200w, https:\/\/westfach.de\/wp-content\/uploads\/2020\/10\/9-683x1024.jpg 683w, https:\/\/westfach.de\/wp-content\/uploads\/2020\/10\/9-768x1152.jpg 768w, https:\/\/westfach.de\/wp-content\/uploads\/2020\/10\/9.jpg 800w\" sizes=\"auto, (max-width: 217px) 100vw, 217px\" \/><\/a><\/p>\n<p>&#8220;Gespaltene Pers\u00f6nlichkeit&#8221; 2015.<\/p>\n<p><a href=\"https:\/\/westfach.de\/wp-content\/uploads\/2020\/10\/10.jpg\"><img loading=\"lazy\" decoding=\"async\" class=\"alignnone size-medium wp-image-2151\" src=\"https:\/\/westfach.de\/wp-content\/uploads\/2020\/10\/10-200x300.jpg\" alt=\"\" width=\"200\" height=\"300\" srcset=\"https:\/\/westfach.de\/wp-content\/uploads\/2020\/10\/10-200x300.jpg 200w, https:\/\/westfach.de\/wp-content\/uploads\/2020\/10\/10-683x1024.jpg 683w, https:\/\/westfach.de\/wp-content\/uploads\/2020\/10\/10-768x1152.jpg 768w, https:\/\/westfach.de\/wp-content\/uploads\/2020\/10\/10.jpg 800w\" sizes=\"auto, (max-width: 200px) 100vw, 200px\" \/><\/a><\/p>\n<p><a href=\"https:\/\/westfach.de\/wp-content\/uploads\/2020\/10\/5_out3.jpg\"><img loading=\"lazy\" decoding=\"async\" class=\"alignnone wp-image-2152\" src=\"https:\/\/westfach.de\/wp-content\/uploads\/2020\/10\/5_out3-200x300.jpg\" alt=\"\" width=\"215\" height=\"323\" srcset=\"https:\/\/westfach.de\/wp-content\/uploads\/2020\/10\/5_out3-200x300.jpg 200w, https:\/\/westfach.de\/wp-content\/uploads\/2020\/10\/5_out3-683x1024.jpg 683w, https:\/\/westfach.de\/wp-content\/uploads\/2020\/10\/5_out3-768x1152.jpg 768w, https:\/\/westfach.de\/wp-content\/uploads\/2020\/10\/5_out3.jpg 800w\" sizes=\"auto, (max-width: 215px) 100vw, 215px\" \/><\/a><\/p>\n<p>&#8220;Das richtige handling&#8221;\u00a0 2016. Dieses Unikat wurde nach Frankreich versteigert.<\/p>\n<p><a href=\"https:\/\/westfach.de\/wp-content\/uploads\/2020\/10\/15-1.jpg\"><img loading=\"lazy\" decoding=\"async\" class=\"alignnone wp-image-2153\" src=\"https:\/\/westfach.de\/wp-content\/uploads\/2020\/10\/15-1-200x300.jpg\" alt=\"\" width=\"227\" height=\"341\" srcset=\"https:\/\/westfach.de\/wp-content\/uploads\/2020\/10\/15-1-200x300.jpg 200w, https:\/\/westfach.de\/wp-content\/uploads\/2020\/10\/15-1-683x1024.jpg 683w, https:\/\/westfach.de\/wp-content\/uploads\/2020\/10\/15-1-768x1152.jpg 768w, https:\/\/westfach.de\/wp-content\/uploads\/2020\/10\/15-1.jpg 800w\" sizes=\"auto, (max-width: 227px) 100vw, 227px\" \/><\/a><\/p>\n<p>&#8220;Ikone&#8221; 2014.<\/p>\n<p><a href=\"https:\/\/westfach.de\/wp-content\/uploads\/2020\/10\/8.jpg\"><img loading=\"lazy\" decoding=\"async\" class=\"alignnone wp-image-2154\" src=\"https:\/\/westfach.de\/wp-content\/uploads\/2020\/10\/8-200x300.jpg\" alt=\"\" width=\"224\" height=\"336\" srcset=\"https:\/\/westfach.de\/wp-content\/uploads\/2020\/10\/8-200x300.jpg 200w, https:\/\/westfach.de\/wp-content\/uploads\/2020\/10\/8-683x1024.jpg 683w, https:\/\/westfach.de\/wp-content\/uploads\/2020\/10\/8-768x1152.jpg 768w, https:\/\/westfach.de\/wp-content\/uploads\/2020\/10\/8.jpg 800w\" sizes=\"auto, (max-width: 224px) 100vw, 224px\" \/><\/a><\/p>\n<p>&#8220;Das blutige Leben der Marianne F.&#8221; 2012.<\/p>\n<p><a href=\"https:\/\/westfach.de\/wp-content\/uploads\/2020\/10\/28.jpg\"><img loading=\"lazy\" decoding=\"async\" class=\"alignnone wp-image-2155\" src=\"https:\/\/westfach.de\/wp-content\/uploads\/2020\/10\/28-200x300.jpg\" alt=\"\" width=\"224\" height=\"336\" srcset=\"https:\/\/westfach.de\/wp-content\/uploads\/2020\/10\/28-200x300.jpg 200w, https:\/\/westfach.de\/wp-content\/uploads\/2020\/10\/28-683x1024.jpg 683w, https:\/\/westfach.de\/wp-content\/uploads\/2020\/10\/28-768x1152.jpg 768w, https:\/\/westfach.de\/wp-content\/uploads\/2020\/10\/28.jpg 800w\" sizes=\"auto, (max-width: 224px) 100vw, 224px\" \/><\/a><\/p>\n<p>Ausschnitt zum Relief: &#8220;Die Schlange bei\u00dft sich selbst den Schwanz.&#8221; 2016.<\/p>\n<p><a href=\"https:\/\/westfach.de\/wp-content\/uploads\/2020\/10\/7.jpg\"><img loading=\"lazy\" decoding=\"async\" class=\"alignnone wp-image-2156\" src=\"https:\/\/westfach.de\/wp-content\/uploads\/2020\/10\/7-200x300.jpg\" alt=\"\" width=\"225\" height=\"338\" srcset=\"https:\/\/westfach.de\/wp-content\/uploads\/2020\/10\/7-200x300.jpg 200w, https:\/\/westfach.de\/wp-content\/uploads\/2020\/10\/7-683x1024.jpg 683w, https:\/\/westfach.de\/wp-content\/uploads\/2020\/10\/7-768x1152.jpg 768w, https:\/\/westfach.de\/wp-content\/uploads\/2020\/10\/7.jpg 800w\" sizes=\"auto, (max-width: 225px) 100vw, 225px\" \/><\/a><\/p>\n<p>&#8220;Der Blick nach Oben&#8221; Christian Beutlers Interpretation der unteren 10.000.&#8221; 2013.<\/p>\n<p><a href=\"https:\/\/westfach.de\/wp-content\/uploads\/2020\/10\/4ab.jpg\"><img loading=\"lazy\" decoding=\"async\" class=\"alignnone wp-image-2157\" src=\"https:\/\/westfach.de\/wp-content\/uploads\/2020\/10\/4ab-200x300.jpg\" alt=\"\" width=\"219\" height=\"329\" srcset=\"https:\/\/westfach.de\/wp-content\/uploads\/2020\/10\/4ab-200x300.jpg 200w, https:\/\/westfach.de\/wp-content\/uploads\/2020\/10\/4ab-683x1024.jpg 683w, https:\/\/westfach.de\/wp-content\/uploads\/2020\/10\/4ab-768x1152.jpg 768w, https:\/\/westfach.de\/wp-content\/uploads\/2020\/10\/4ab.jpg 800w\" sizes=\"auto, (max-width: 219px) 100vw, 219px\" \/><\/a><\/p>\n<p>&#8220;Das Bein&#8221; 2018.<\/p>\n<p><a href=\"https:\/\/westfach.de\/wp-content\/uploads\/2020\/10\/14.jpg\"><img loading=\"lazy\" decoding=\"async\" class=\"alignnone wp-image-2159\" src=\"https:\/\/westfach.de\/wp-content\/uploads\/2020\/10\/14-200x300.jpg\" alt=\"\" width=\"229\" height=\"344\" srcset=\"https:\/\/westfach.de\/wp-content\/uploads\/2020\/10\/14-200x300.jpg 200w, https:\/\/westfach.de\/wp-content\/uploads\/2020\/10\/14-683x1024.jpg 683w, https:\/\/westfach.de\/wp-content\/uploads\/2020\/10\/14-768x1152.jpg 768w, https:\/\/westfach.de\/wp-content\/uploads\/2020\/10\/14.jpg 800w\" sizes=\"auto, (max-width: 229px) 100vw, 229px\" \/><\/a><\/p>\n<p>&#8220;Leuchtfische&#8221; 2017.<\/p>\n<p><a href=\"https:\/\/westfach.de\/wp-content\/uploads\/2020\/10\/13.jpg\"><img loading=\"lazy\" decoding=\"async\" class=\"alignnone wp-image-2160\" src=\"https:\/\/westfach.de\/wp-content\/uploads\/2020\/10\/13-200x300.jpg\" alt=\"\" width=\"225\" height=\"338\" srcset=\"https:\/\/westfach.de\/wp-content\/uploads\/2020\/10\/13-200x300.jpg 200w, https:\/\/westfach.de\/wp-content\/uploads\/2020\/10\/13-683x1024.jpg 683w, https:\/\/westfach.de\/wp-content\/uploads\/2020\/10\/13-768x1152.jpg 768w, https:\/\/westfach.de\/wp-content\/uploads\/2020\/10\/13.jpg 800w\" sizes=\"auto, (max-width: 225px) 100vw, 225px\" \/><\/a><\/p>\n<p><a href=\"https:\/\/westfach.de\/wp-content\/uploads\/2020\/10\/23.jpg\"><img loading=\"lazy\" decoding=\"async\" class=\"alignnone wp-image-2161\" src=\"https:\/\/westfach.de\/wp-content\/uploads\/2020\/10\/23-244x300.jpg\" alt=\"\" width=\"276\" height=\"339\" srcset=\"https:\/\/westfach.de\/wp-content\/uploads\/2020\/10\/23-244x300.jpg 244w, https:\/\/westfach.de\/wp-content\/uploads\/2020\/10\/23-831x1024.jpg 831w, https:\/\/westfach.de\/wp-content\/uploads\/2020\/10\/23-768x946.jpg 768w, https:\/\/westfach.de\/wp-content\/uploads\/2020\/10\/23.jpg 974w\" sizes=\"auto, (max-width: 276px) 100vw, 276px\" \/><\/a><\/p>\n<p>Die Reihe &#8220;Gest\u00fcrzte Engel&#8221; aus den Fr\u00fchwerken Christian Beutlers setzt sich mit den Thema gescheiterter Existenzen auseinander. Hier haben wir den gew\u00f6hnlichen Verbraucher vor Augen, der sich f\u00fcr einen Gesinnungsethiker h\u00e4lt.<\/p>\n<p><a href=\"https:\/\/westfach.de\/wp-content\/uploads\/2020\/10\/1.jpg\"><img loading=\"lazy\" decoding=\"async\" class=\"alignnone wp-image-2162\" src=\"https:\/\/westfach.de\/wp-content\/uploads\/2020\/10\/1-205x300.jpg\" alt=\"\" width=\"230\" height=\"337\" srcset=\"https:\/\/westfach.de\/wp-content\/uploads\/2020\/10\/1-205x300.jpg 205w, https:\/\/westfach.de\/wp-content\/uploads\/2020\/10\/1-698x1024.jpg 698w, https:\/\/westfach.de\/wp-content\/uploads\/2020\/10\/1-768x1127.jpg 768w, https:\/\/westfach.de\/wp-content\/uploads\/2020\/10\/1.jpg 818w\" sizes=\"auto, (max-width: 230px) 100vw, 230px\" \/><\/a><\/p>\n<p>&#8220;Ein Herz f\u00fcr die Welt&#8221; 2018.<\/p>\n<p><a href=\"https:\/\/westfach.de\/wp-content\/uploads\/2020\/10\/16b.jpg\"><img loading=\"lazy\" decoding=\"async\" class=\"alignnone wp-image-2163\" src=\"https:\/\/westfach.de\/wp-content\/uploads\/2020\/10\/16b-200x300.jpg\" alt=\"\" width=\"214\" height=\"321\" srcset=\"https:\/\/westfach.de\/wp-content\/uploads\/2020\/10\/16b-200x300.jpg 200w, https:\/\/westfach.de\/wp-content\/uploads\/2020\/10\/16b-683x1024.jpg 683w, https:\/\/westfach.de\/wp-content\/uploads\/2020\/10\/16b-768x1152.jpg 768w, https:\/\/westfach.de\/wp-content\/uploads\/2020\/10\/16b.jpg 800w\" sizes=\"auto, (max-width: 214px) 100vw, 214px\" \/><\/a><\/p>\n<p>&#8220;D\u00fcrfen wir das?&#8221; 2015.<\/p>\n<p><a href=\"https:\/\/westfach.de\/wp-content\/uploads\/2020\/10\/19b.jpg\"><img loading=\"lazy\" decoding=\"async\" class=\"alignnone wp-image-2164\" src=\"https:\/\/westfach.de\/wp-content\/uploads\/2020\/10\/19b-200x300.jpg\" alt=\"\" width=\"231\" height=\"347\" srcset=\"https:\/\/westfach.de\/wp-content\/uploads\/2020\/10\/19b-200x300.jpg 200w, https:\/\/westfach.de\/wp-content\/uploads\/2020\/10\/19b-683x1024.jpg 683w, https:\/\/westfach.de\/wp-content\/uploads\/2020\/10\/19b-768x1152.jpg 768w, https:\/\/westfach.de\/wp-content\/uploads\/2020\/10\/19b.jpg 800w\" sizes=\"auto, (max-width: 231px) 100vw, 231px\" \/><\/a><\/p>\n<p>&#8220;Adam und Eva.&#8221; 2017.Hier die eigenwillige Interpretation des Bildhauers zum Thema.<\/p>\n<p><a href=\"https:\/\/westfach.de\/wp-content\/uploads\/2020\/10\/3b.jpg\"><img loading=\"lazy\" decoding=\"async\" class=\"alignnone wp-image-2166\" src=\"https:\/\/westfach.de\/wp-content\/uploads\/2020\/10\/3b-200x300.jpg\" alt=\"\" width=\"227\" height=\"341\" srcset=\"https:\/\/westfach.de\/wp-content\/uploads\/2020\/10\/3b-200x300.jpg 200w, https:\/\/westfach.de\/wp-content\/uploads\/2020\/10\/3b-683x1024.jpg 683w, https:\/\/westfach.de\/wp-content\/uploads\/2020\/10\/3b-768x1152.jpg 768w, https:\/\/westfach.de\/wp-content\/uploads\/2020\/10\/3b.jpg 800w\" sizes=\"auto, (max-width: 227px) 100vw, 227px\" \/><\/a><\/p>\n<p>&#8220;Das Bein&#8221; 2018.<\/p>\n<p>&nbsp;<\/p>\n<p><a href=\"https:\/\/westfach.de\/wp-content\/uploads\/2020\/10\/30.jpg\"><img loading=\"lazy\" decoding=\"async\" class=\"alignnone wp-image-2169\" src=\"https:\/\/westfach.de\/wp-content\/uploads\/2020\/10\/30-300x200.jpg\" alt=\"\" width=\"317\" height=\"211\" srcset=\"https:\/\/westfach.de\/wp-content\/uploads\/2020\/10\/30-300x200.jpg 300w, https:\/\/westfach.de\/wp-content\/uploads\/2020\/10\/30-1024x683.jpg 1024w, https:\/\/westfach.de\/wp-content\/uploads\/2020\/10\/30-768x512.jpg 768w, https:\/\/westfach.de\/wp-content\/uploads\/2020\/10\/30-1536x1024.jpg 1536w, https:\/\/westfach.de\/wp-content\/uploads\/2020\/10\/30.jpg 1600w\" sizes=\"auto, (max-width: 317px) 100vw, 317px\" \/><\/a><\/p>\n<p>Ausschnitt Relief: &#8220;Die Schlange bei\u00dft sich selbst den Schwanz.&#8221; 2016.<\/p>\n<p>Kontakt: <a href=\"https:\/\/westfach.de\/kontakt\/\">WestFach<\/a><\/p>\n","protected":false},"excerpt":{"rendered":"<p>Der Leipziger Bildhauer Christian Beutler verlie\u00df Th\u00fcringen, seine Lehrheimat, nur aus zwei Gr\u00fcnden. Der Kunst wegen und der Kunst zum Trotz. In seinem Leipziger Atelier fertigt er zeitlose Skulpturen und Reliefs, ohne dem Zeitgeist auf die Nerven zu gehen.<\/p>\n","protected":false},"author":2,"featured_media":0,"parent":0,"menu_order":0,"comment_status":"closed","ping_status":"closed","template":"","meta":{"_bbp_topic_count":0,"_bbp_reply_count":0,"_bbp_total_topic_count":0,"_bbp_total_reply_count":0,"_bbp_voice_count":0,"_bbp_anonymous_reply_count":0,"_bbp_topic_count_hidden":0,"_bbp_reply_count_hidden":0,"_bbp_forum_subforum_count":0,"_crdt_document":"","footnotes":""},"categories":[3],"tags":[],"class_list":["post-2141","page","type-page","status-publish","hentry","category-kuenstlerinnen-und-herstellerinnen"],"jetpack_sharing_enabled":true,"_links":{"self":[{"href":"https:\/\/westfach.de\/en\/wp-json\/wp\/v2\/pages\/2141","targetHints":{"allow":["GET"]}}],"collection":[{"href":"https:\/\/westfach.de\/en\/wp-json\/wp\/v2\/pages"}],"about":[{"href":"https:\/\/westfach.de\/en\/wp-json\/wp\/v2\/types\/page"}],"author":[{"embeddable":true,"href":"https:\/\/westfach.de\/en\/wp-json\/wp\/v2\/users\/2"}],"replies":[{"embeddable":true,"href":"https:\/\/westfach.de\/en\/wp-json\/wp\/v2\/comments?post=2141"}],"version-history":[{"count":3,"href":"https:\/\/westfach.de\/en\/wp-json\/wp\/v2\/pages\/2141\/revisions"}],"predecessor-version":[{"id":2386,"href":"https:\/\/westfach.de\/en\/wp-json\/wp\/v2\/pages\/2141\/revisions\/2386"}],"wp:attachment":[{"href":"https:\/\/westfach.de\/en\/wp-json\/wp\/v2\/media?parent=2141"}],"wp:term":[{"taxonomy":"category","embeddable":true,"href":"https:\/\/westfach.de\/en\/wp-json\/wp\/v2\/categories?post=2141"},{"taxonomy":"post_tag","embeddable":true,"href":"https:\/\/westfach.de\/en\/wp-json\/wp\/v2\/tags?post=2141"}],"curies":[{"name":"wp","href":"https:\/\/api.w.org\/{rel}","templated":true}]}}